{"id":46,"date":"2018-04-23T21:21:52","date_gmt":"2018-04-23T19:21:52","guid":{"rendered":"http:\/\/www.realschule-altenwalde.de\/wordpress\/?page_id=46"},"modified":"2026-04-13T16:27:44","modified_gmt":"2026-04-13T14:27:44","slug":"anmeldung","status":"publish","type":"page","link":"https:\/\/www.realschule-altenwalde.de\/wordpress\/anmeldung\/","title":{"rendered":"\ud83d\udcbe Anmeldung \/ Formulare"},"content":{"rendered":"<h4 style=\"font-family: Lato, sans-serif; color: #4a474b; padding-left: 30px;\"><strong>Anmeldung zuk\u00fcnftiger 5. Kl\u00e4ssler f\u00fcr das Schuljahr 2026\/2027<\/strong>&nbsp;<span style=\"color: #ff0000;\"><br \/>\n<\/span><\/h4>\n<p style=\"padding-left: 40px;\">Sie k\u00f6nnen Ihr Kind am <strong>21.5.2026 von 14-19 Uhr oder 22.5.2026 von 8-13 Uhr<\/strong>&nbsp;bei uns anmelden.&nbsp; Wir freuen uns sehr, wenn Sie die Anmeldeunterlagen im o.g. Zeitraum bei uns perso\u0308nlich abgeben, so dass wir ein kurzes Erstgespra\u0308ch fu\u0308hren ko\u0308nnen.&nbsp;<\/p>\n<p style=\"padding-left: 40px;\">Weitere Informationen und Hinweise finden Sie im Anschreiben zur Anmeldung.<\/p>\n<p style=\"padding-left: 30px;\">\ud83d\udcc4&nbsp;<a href=\"https:\/\/www.realschule-altenwalde.de\/wordpress\/wp-content\/uploads\/2026\/02\/Anschreiben-Anmeldungen-21.5.-und-22.5.2026-Jg-5.pdf\">1.1 Anschreiben Anmeldungen 21.5. und 22.5.2026 Jg 5<\/a><br \/>\n\ud83d\udcc4&nbsp;<a href=\"https:\/\/www.realschule-altenwalde.de\/wordpress\/wp-content\/uploads\/2026\/02\/Anmeldebogen-der-GSS-Altenwalde.pdf\">1.2 Anmeldebogen<\/a><br \/>\n\ud83d\udcc4&nbsp;<a href=\"http:\/\/www.realschule-altenwalde.de\/wordpress\/wp-content\/uploads\/2020\/04\/2.1-Anschreiben-Regelung-Sorgerecht.pdf\">2.1 Anschreiben Regelung Sorgerecht<\/a><br \/>\n\ud83d\udcc4&nbsp;<a href=\"http:\/\/www.realschule-altenwalde.de\/wordpress\/wp-content\/uploads\/2020\/04\/2.2-Erkl\u00e4rung-Sorgerecht-2020.pdf\">2.2 Erkl\u00e4rung Sorgerecht<\/a><br \/>\n\ud83d\udcc4&nbsp;<a href=\"https:\/\/www.realschule-altenwalde.de\/wordpress\/wp-content\/uploads\/2021\/09\/Datenschutzverordnung-Einwilligung.pdf\">3. Datenschutzverordnung Einwilligung<\/a><br \/>\n\ud83d\udcc4&nbsp;<a href=\"https:\/\/www.realschule-altenwalde.de\/wordpress\/wp-content\/uploads\/2026\/02\/Buecherlisten-Jg-5-2026-2027.pdf\">4. B\u00fccherliste Jg 5<\/a><br \/>\n\ud83d\udcc4&nbsp;<a href=\"https:\/\/www.realschule-altenwalde.de\/wordpress\/wp-content\/uploads\/2024\/04\/Materialliste-5.pdf\">5. Materialliste 5<\/a><br \/>\n\ud83d\udcc4&nbsp;<a href=\"https:\/\/www.realschule-altenwalde.de\/wordpress\/wp-content\/uploads\/2023\/02\/Orientierungshilfe-weiterfuehrende-Schulen.pdf\">6. Orientierungshilfe weiterf\u00fchrende Schulen<\/a><\/p>\n<ul>\n<li style=\"list-style-type: none;\">\n<ul>\n<li style=\"list-style-type: none;\">\n<ul>\n<li>\ud83c\udfeb <a href=\"https:\/\/padlet.com\/gfs_cux\/wie-geht-es-weiter-nach-klasse-4-a5jvcuzt64789zuz\" target=\"_blank\" rel=\"noopener\">\u00dcbersicht weiterf\u00fchrende Schulen<\/a> (ext. Link) \ud83d\udc48<span style=\"color: #ff0000;\"><strong>Termine der Schnuppertage aller Schulen<\/strong><\/span><\/li>\n<\/ul>\n<\/li>\n<\/ul>\n<\/li>\n<\/ul>\n<p style=\"padding-left: 30px;\">&nbsp;<\/p>\n<p style=\"padding-left: 30px;\">Liebe Eltern,<\/p>\n<p style=\"padding-left: 30px;\">sollte Ihr Kind <strong>nachgewiesenen sonderp\u00e4dagogischen Unterst\u00fctzungsbedarf<\/strong> haben, k\u00f6nnen Sie Ihr Kind ebenfalls an einer Hauptschule, Realschule, Oberschule oder auch einem Gymnasium anmelden.<\/p>\n<p style=\"padding-left: 30px;\">Alle Schulformen arbeiten selbstverst\u00e4ndlich inklusiv und beraten Sie gerne.&nbsp; In diesem Fall sollten Sie bereits vor den Anmeldeterminen mit der von Ihnen gew\u00fcnschten Schule Kontakt aufnehmen.<\/p>\n<p style=\"padding-left: 30px;\"><strong>Obwohl uns F\u00f6rderstunden zustehen, verf\u00fcgen wir aktuell \u00fcber KEINE F\u00f6rderschullehrkraft!<\/strong><\/p>\n<p>&nbsp;<\/p>\n<p style=\"padding-left: 30px;\">Mit freundlichen Gr\u00fc\u00dfen<\/p>\n<p style=\"padding-left: 30px;\">Arne Ohland \u2013 Schumacher<\/p>\n<p style=\"padding-left: 30px;\">(Realschulrektor)<\/p>\n<hr>\n<h4 style=\"padding-left: 30px;\"><a name=\"ausleihe\"><\/a>Ausleihe von Lernmitteln Sj. 2026\/2027 &#8211; erst ab Jahrgang 6 erforderlich<\/h4>\n<p style=\"padding-left: 30px;\">\ud83d\udcc4 <a href=\"https:\/\/www.realschule-altenwalde.de\/wordpress\/wp-content\/uploads\/2023\/05\/Schulbuchausleihe-Elternbrief.pdf\">Schulbuchausleihe &#8211; Elternbrief<\/a><br \/>\n\ud83d\udcc4 <a href=\"https:\/\/www.realschule-altenwalde.de\/wordpress\/wp-content\/uploads\/2023\/05\/Schulbuchausleihe-Anmeldung.pdf\">Schulbuchausleihe &#8211; Anmeldung<\/a><\/p>\n<p style=\"padding-left: 30px; text-align: left;\">\ud83d\udcc4 <a href=\"https:\/\/www.realschule-altenwalde.de\/wordpress\/wp-content\/uploads\/2026\/02\/Buecherlisten-Jg-5-2026-2027.pdf\">B\u00fccherliste 5<\/a> &nbsp;<br \/>\n\ud83d\udcc4 <a href=\"https:\/\/www.realschule-altenwalde.de\/wordpress\/wp-content\/uploads\/2026\/02\/Buecherlisten-Jg-6-2026-2027.pdf\">B\u00fccherliste 6<\/a><br \/>\n\ud83d\udcc4 <a href=\"https:\/\/www.realschule-altenwalde.de\/wordpress\/wp-content\/uploads\/2026\/02\/Buecherlisten-Jg-7-2026-2027.pdf\">B\u00fccherliste 7<\/a><br \/>\n\ud83d\udcc4 <a href=\"https:\/\/www.realschule-altenwalde.de\/wordpress\/wp-content\/uploads\/2026\/02\/Buecherlisten-Jg-8-2026-2027.pdf\">B\u00fccherliste 8<\/a><br \/>\n\ud83d\udcc4 <a href=\"https:\/\/www.realschule-altenwalde.de\/wordpress\/wp-content\/uploads\/2026\/02\/Buecherlisten-Jg-9-2026-2027.pdf\">B\u00fccherliste 9<\/a><br \/>\n\ud83d\udcc4 <a href=\"https:\/\/www.realschule-altenwalde.de\/wordpress\/wp-content\/uploads\/2026\/02\/Buecherlisten-Jg-10-2026-2027.pdf\">B\u00fccherliste 10<\/a><\/p>\n<p style=\"padding-left: 40px;\">Auf Grund der derzeitigen Preissteigerungen k\u00f6nnen die aktuellen Preise f\u00fcr die ausgewiesenen B\u00fccher abweichen!<\/p>\n<p style=\"text-align: left; padding-left: 40px;\"><em>Ausgeliehene B\u00fccher m\u00fcssen pfleglich behandelt und eingeschlagen werden! Bei Verlust oder Besch\u00e4digung wird die Schule Schadensersatz verlangen.<\/em><\/p>\n<hr>\n<h4 style=\"padding-left: 30px;\"><a name=\"material\"><\/a>Materiallisten<span style=\"color: #ff0000;\"> Sj. 2026\/2027 in Bearbeitung- noch nicht aktuell<\/span><\/h4>\n<p style=\"padding-left: 30px;\">\ud83d\udcc4 <span style=\"color: #ff0000;\"><a style=\"color: #ff0000;\" href=\"https:\/\/www.realschule-altenwalde.de\/wordpress\/wp-content\/uploads\/2025\/05\/Materialliste-5.pdf\">Materialliste 5<\/a><\/span><br \/>\n<span style=\"color: #ff0000;\">\ud83d\udcc4 <a style=\"color: #ff0000;\" href=\"https:\/\/www.realschule-altenwalde.de\/wordpress\/wp-content\/uploads\/2025\/08\/Materialliste-6-1.pdf\">Materialliste 6<\/a><\/span><br \/>\n<span style=\"color: #ff0000;\">\ud83d\udcc4 <a style=\"color: #ff0000;\" href=\"https:\/\/www.realschule-altenwalde.de\/wordpress\/wp-content\/uploads\/2025\/08\/Materialliste-7-1.pdf\">Materialliste 7<\/a><\/span><br \/>\n<span style=\"color: #ff0000;\">\ud83d\udcc4 <a style=\"color: #ff0000;\" href=\"https:\/\/www.realschule-altenwalde.de\/wordpress\/wp-content\/uploads\/2024\/04\/Materialliste-8.pdf\">Materialliste 8<\/a><\/span><br \/>\n<span style=\"color: #ff0000;\">\ud83d\udcc4 <a style=\"color: #ff0000;\" href=\"https:\/\/www.realschule-altenwalde.de\/wordpress\/wp-content\/uploads\/2024\/04\/Materialliste-9.pdf\">Materialliste 9<\/a><\/span><br \/>\n<span style=\"color: #ff0000;\">\ud83d\udcc4 <a style=\"color: #ff0000;\" href=\"https:\/\/www.realschule-altenwalde.de\/wordpress\/wp-content\/uploads\/2025\/08\/Materialliste-10-1.pdf\">Materialliste 10<\/a><\/span><\/p>\n<hr>\n<h4 style=\"padding-left: 30px;\"><a name=\"sonstig\"><\/a>Diverses<\/h4>\n<p style=\"padding-left: 30px;\">Antr\u00e4ge auf Beurlaubung in der Schulzeit werden grunds\u00e4tzlich nur in absoluten Ausnahmef\u00e4llen genehmigt. Vor und nach Ferienterminen kann eine Beurlaubung nicht erfolgen.<\/p>\n<p style=\"padding-left: 30px;\">\ud83d\udcc4 <a href=\"https:\/\/www.realschule-altenwalde.de\/wordpress\/wp-content\/uploads\/2021\/09\/Datenschutzverordnung-Einwilligung.pdf\">Datenschutzverordnung Einwilligung<\/a><br \/>\n\ud83d\udcc4&nbsp;<a href=\"https:\/\/www.realschule-altenwalde.de\/wordpress\/wp-content\/uploads\/2026\/02\/Beurlaubung-Homepage.pdf\" target=\"_blank\" rel=\"noopener noreferrer\">Antrag auf Beurlaubung<\/a><br \/>\n\ud83d\udcc4 <a href=\"https:\/\/www.realschule-altenwalde.de\/wordpress\/wp-content\/uploads\/2025\/11\/Mensaflyer-Stand-08-2025.pdf\" target=\"_blank\" rel=\"noopener\">Anmeldung Mensa<\/a><br \/>\n<a href=\"https:\/\/www.realschule-altenwalde.de\/wordpress\/wp-content\/uploads\/2025\/02\/Antrag-auf-Ausnahmegenehmigung.pdf\">\ud83d\udcc4&nbsp;Antrag auf Ausnahmegenehmigung<\/a><br \/>\n<a href=\"https:\/\/www.realschule-altenwalde.de\/wordpress\/wp-content\/uploads\/2025\/02\/Merkblatt-zum-Ausnahmeantrag_1.pdf\">\ud83d\udcc4 Merkblatt zum Antrag auf Ausnahmegenehmigung<\/a><br \/>\n\ud83d\udcc4 Antrag auf Fahrtkostenerstattung &#8211; [\ud83d\udcc4 <a href=\"https:\/\/www.realschule-altenwalde.de\/wordpress\/wp-content\/uploads\/2025\/11\/Schulbesuch-mit-myVIA-bestaetigen.pdf\" target=\"_blank\" rel=\"noopener\">Anleitung<\/a>] &#8211; [\ud83c\udf0d <a href=\"https:\/\/schuelerbefoerderung.landkreis-cuxhaven.de\" target=\"_blank\" rel=\"noopener\">Online-Antrag (ext. Link)<\/a>]<\/p>\n<hr>\n<h4 style=\"padding-left: 30px;\"><a name=\"foerderverein\"><\/a>F\u00f6rderverein<\/h4>\n<p style=\"padding-left: 30px;\">\ud83d\udcc4 <a href=\"https:\/\/www.realschule-altenwalde.de\/wordpress\/wp-content\/uploads\/2026\/04\/Beitrittserklaerung-Foerderverein-2026.pdf\">Beitrittserkl\u00e4rung F\u00f6rderverein 2026<\/a><br \/>\n\ud83d\udcc4&nbsp;<a href=\"http:\/\/www.realschule-altenwalde.de\/wordpress\/wp-content\/uploads\/2018\/04\/FV-Satzung.pdf\" target=\"_blank\" rel=\"noopener noreferrer\">Satzung<\/a><\/p>\n<p>&nbsp;<\/p>\n","protected":false},"excerpt":{"rendered":"<p>Anmeldung zuk\u00fcnftiger 5. Kl\u00e4ssler f\u00fcr das Schuljahr 2026\/2027&nbsp; Sie k\u00f6nnen Ihr Kind am 21.5.2026 von 14-19 Uhr oder 22.5.2026 von 8-13 Uhr&nbsp;bei uns anmelden.&nbsp; Wir freuen uns sehr, wenn Sie die Anmeldeunterlagen im o.g. Zeitraum bei uns perso\u0308nlich abgeben, so dass wir ein kurzes Erstgespra\u0308ch fu\u0308hren ko\u0308nnen.&nbsp; Weitere Informationen und Hinweise finden Sie im Anschreiben &hellip; <\/p>\n<p><a class=\"more-link btn\" href=\"https:\/\/www.realschule-altenwalde.de\/wordpress\/anmeldung\/\">Weiterlesen<\/a><\/p>\n","protected":false},"author":1,"featured_media":0,"parent":0,"menu_order":5,"comment_status":"closed","ping_status":"closed","template":"","meta":{"ngg_post_thumbnail":0},"_links":{"self":[{"href":"https:\/\/www.realschule-altenwalde.de\/wordpress\/wp-json\/wp\/v2\/pages\/46"}],"collection":[{"href":"https:\/\/www.realschule-altenwalde.de\/wordpress\/wp-json\/wp\/v2\/pages"}],"about":[{"href":"https:\/\/www.realschule-altenwalde.de\/wordpress\/wp-json\/wp\/v2\/types\/page"}],"author":[{"embeddable":true,"href":"https:\/\/www.realschule-altenwalde.de\/wordpress\/wp-json\/wp\/v2\/users\/1"}],"replies":[{"embeddable":true,"href":"https:\/\/www.realschule-altenwalde.de\/wordpress\/wp-json\/wp\/v2\/comments?post=46"}],"version-history":[{"count":132,"href":"https:\/\/www.realschule-altenwalde.de\/wordpress\/wp-json\/wp\/v2\/pages\/46\/revisions"}],"predecessor-version":[{"id":3865,"href":"https:\/\/www.realschule-altenwalde.de\/wordpress\/wp-json\/wp\/v2\/pages\/46\/revisions\/3865"}],"wp:attachment":[{"href":"https:\/\/www.realschule-altenwalde.de\/wordpress\/wp-json\/wp\/v2\/media?parent=46"}],"curies":[{"name":"wp","href":"https:\/\/api.w.org\/{rel}","templated":true}]}}