{"id":2144,"date":"2020-12-18T16:45:12","date_gmt":"2020-12-18T15:45:12","guid":{"rendered":"https:\/\/www.realschule-altenwalde.de\/wordpress\/?page_id=2144"},"modified":"2020-12-18T17:02:58","modified_gmt":"2020-12-18T16:02:58","slug":"jahrgang-9-bewerben-sich-finden","status":"publish","type":"page","link":"https:\/\/www.realschule-altenwalde.de\/wordpress\/berufsorientierung\/jahrgang-9-bewerben-sich-finden\/","title":{"rendered":"\ud83c\udf93 Jahrgang 9 &#8211; bewerben \/ sich finden"},"content":{"rendered":"<p style=\"padding-left: 40px;\"><strong>Sch\u00fclerfirma und WPK Design<br \/>\n<\/strong>Im Schuljahr 2019\/2020 wurde an unserer Schule die Sch\u00fclerfirma <em>Scholli`s K\u00fcstenkiosk<\/em> gegr\u00fcndet. Ziel ist es, Sch\u00fcler*innen einen Einblick in unternehmerisches und praxisnahes Handeln zu erm\u00f6glichen. Sie sollen am Beispiel ihres kleinen Unternehmens verschiedene betriebliche Abl\u00e4ufe kennen lernen. So gibt es einzelne Abteilungen wie Buchhaltung, Marketing und Produktion, die von Sch\u00fcler*innen gef\u00fchrt werden.<\/p>\n<p style=\"padding-left: 40px;\">Die Sch\u00fclerfirma wurde dabei unter Anleitung zweier Lehrkr\u00e4fte alleine von Sch\u00fcler*innen aufgebaut. So entstanden Logo, Name und Produkte in der kreativen Arbeit der Jugendlichen.<\/p>\n<p style=\"padding-left: 40px;\">Zubereitet und verkauft werden hier mittwochs in der gro\u00dfen Pause kleine und leckere Snacks wie zum Beispiel Brezeln, belegte Br\u00f6tchen und Waffeln.<\/p>\n<p style=\"padding-left: 40px;\">Seit dem Schuljahr 2020\/21 wird die Sch\u00fclerfirma von einem weiteren WPK unterst\u00fctzt. Der Kurs <em>Design<\/em>k\u00fcmmert sich um die Ausgestaltung des Verkaufsstandes in der Aula, hilft bei der Plakatgestaltung und erstellt z.B. auff\u00e4llige Preisschilder.<\/p>\n<p style=\"padding-left: 40px;\"><strong>EWE-Mobil<br \/>\n<\/strong>Einer unserer Kooperationspartner ist die EWE. J\u00e4hrlich werden wirvom EWE-Mobil besucht. Die Sch\u00fcler*innen des neunten Jahrgangs k\u00f6nnen hier angeleitetkleine Produkte, wie zum Beispiel Solarbuggys, herstellen. Durch die Arbeit im EWE-Mobil k\u00f6nnen Sch\u00fcler*innen auch feststellen, ob ein technischer Beruf ihr Interesse weckt und ihre Fertigkeiten dahingehend an einem ganzen Schultag erproben.<\/p>\n<p style=\"padding-left: 40px;\"><strong>Bewerbungstraining AOK<br \/>\n<\/strong>Gemeinsam mit der AOK f\u00fchren wir j\u00e4hrlich im 9. Jahrgang ein Bewerbungstraining durch. In den R\u00e4umen der AOK Cuxhaven erarbeitet Herr M\u00fcller mit den Sch\u00fcler*innen, wie man sich in Vorstellungsgespr\u00e4chen verh\u00e4lt. Au\u00dferdem erkl\u00e4rt er, worauf in einer schriftlichen Bewerbung zu achten ist und gibt Tipps f\u00fcr die erste Kontaktaufnahme mit einem Ausbildungsbetrieb.<\/p>\n<p style=\"padding-left: 40px;\">Das Bewerbungstraining dauert pro Klasse einen Vormittag und findet immer zu Beginn des zweiten Schulhalbjahres statt.<\/p>\n<p style=\"padding-left: 40px;\"><strong>Flagge zeigen<br \/>\n<\/strong>Der Besuch einer Ausbildungsmesse darf an einer Realschule nicht fehlen. Aus diesem Grund besuchen wir j\u00e4hrlich die Messe <em>Flagge zeigen<\/em>, die immer im September bei der BBS Cuxhaven stattfindet. Die Sch\u00fcler*innen haben hier die M\u00f6glichkeit, sich bei vielen regionalen Unternehmen \u00fcber Ausbildungsm\u00f6glichkeiten zu informieren. Der Kontakt mit den jungen Mitarbeitern der Unternehmen baut bei den Sch\u00fcler*innen oft Hemmungen ab und erm\u00f6glicht es ihnen auch einen ersten Kontakt zu den Betrieben herzustellen.<\/p>\n<p style=\"padding-left: 40px;\"><strong>Tag der Logistik<br \/>\n<\/strong>Mit den Neuntkl\u00e4sslern nehmen wir seit mehreren Jahren am Tag der Logistik teil, der immer im Fr\u00fchjahr stattfindet. In der Regel werden hier drei bis vier Cuxhavener Unternehmen besichtigt, die im Bereich der Logistik t\u00e4tig sind. So haben wir im vergangen Jahr eine F\u00fchrung bei Otto Wulf, Cuxport und der Seefahrtsschule erhalten. Die Unternehmen bieten einen sehr detaillierten und interessanten Einblick in ihre Arbeit und Aufgabenfelder.<\/p>\n","protected":false},"excerpt":{"rendered":"<p>Sch\u00fclerfirma und WPK Design Im Schuljahr 2019\/2020 wurde an unserer Schule die Sch\u00fclerfirma Scholli`s K\u00fcstenkiosk gegr\u00fcndet. Ziel ist es, Sch\u00fcler*innen einen Einblick in unternehmerisches und praxisnahes Handeln zu erm\u00f6glichen. Sie sollen am Beispiel ihres kleinen Unternehmens verschiedene betriebliche Abl\u00e4ufe kennen lernen. So gibt es einzelne Abteilungen wie Buchhaltung, Marketing und Produktion, die von Sch\u00fcler*innen gef\u00fchrt &hellip; <\/p>\n<p><a class=\"more-link btn\" href=\"https:\/\/www.realschule-altenwalde.de\/wordpress\/berufsorientierung\/jahrgang-9-bewerben-sich-finden\/\">Weiterlesen<\/a><\/p>\n","protected":false},"author":1,"featured_media":0,"parent":1062,"menu_order":4,"comment_status":"closed","ping_status":"closed","template":"","meta":{"ngg_post_thumbnail":0},"_links":{"self":[{"href":"https:\/\/www.realschule-altenwalde.de\/wordpress\/wp-json\/wp\/v2\/pages\/2144"}],"collection":[{"href":"https:\/\/www.realschule-altenwalde.de\/wordpress\/wp-json\/wp\/v2\/pages"}],"about":[{"href":"https:\/\/www.realschule-altenwalde.de\/wordpress\/wp-json\/wp\/v2\/types\/page"}],"author":[{"embeddable":true,"href":"https:\/\/www.realschule-altenwalde.de\/wordpress\/wp-json\/wp\/v2\/users\/1"}],"replies":[{"embeddable":true,"href":"https:\/\/www.realschule-altenwalde.de\/wordpress\/wp-json\/wp\/v2\/comments?post=2144"}],"version-history":[{"count":2,"href":"https:\/\/www.realschule-altenwalde.de\/wordpress\/wp-json\/wp\/v2\/pages\/2144\/revisions"}],"predecessor-version":[{"id":2151,"href":"https:\/\/www.realschule-altenwalde.de\/wordpress\/wp-json\/wp\/v2\/pages\/2144\/revisions\/2151"}],"up":[{"embeddable":true,"href":"https:\/\/www.realschule-altenwalde.de\/wordpress\/wp-json\/wp\/v2\/pages\/1062"}],"wp:attachment":[{"href":"https:\/\/www.realschule-altenwalde.de\/wordpress\/wp-json\/wp\/v2\/media?parent=2144"}],"curies":[{"name":"wp","href":"https:\/\/api.w.org\/{rel}","templated":true}]}}